{"id":152,"date":"2019-03-29T21:46:58","date_gmt":"2019-03-29T20:46:58","guid":{"rendered":"https:\/\/evosges.wordpress.com\/?page_id=152"},"modified":"2025-04-09T17:23:32","modified_gmt":"2025-04-09T15:23:32","slug":"le-conseil-municipal-2","status":"publish","type":"page","link":"https:\/\/evosges.fr\/index.php\/le-conseil-municipal-2\/","title":{"rendered":"Conseil municipal"},"content":{"rendered":"\n<div class=\"wp-block-media-text alignwide is-stacked-on-mobile is-vertically-aligned-center has-very-light-gray-to-cyan-bluish-gray-gradient-background has-background\" style=\"grid-template-columns:16% auto\"><figure class=\"wp-block-media-text__media\"><img decoding=\"async\" src=\"https:\/\/evosges.fr\/wp-content\/uploads\/2025\/04\/CR.webp\" alt=\"\" class=\"wp-image-3196 size-full\"\/><\/figure><div class=\"wp-block-media-text__content\">\n<p><strong>Comptes-rendus des conseils municipaux : voir les <a rel=\"noreferrer noopener\" href=\"https:\/\/evosges.fr\/index.php\/bulletins-infos\/\" target=\"_blank\">lettres d&rsquo;informations de la commune<\/a>.<\/strong><\/p>\n<\/div><\/div>\n\n\n\n<h2 class=\"wp-block-heading\">\u00c9lections municipales de mars 2020<\/h2>\n\n\n\n<p><strong><span style=\"text-decoration:underline;\">Le Maire<\/span><\/strong>&nbsp;: &nbsp;Christophe <strong>GUILLET<\/strong>, Chef d\u2019entreprise, retrait\u00e9<\/p>\n\n\n\n<p><strong><span style=\"text-decoration:underline;\">1er adjoint<\/span><\/strong> :&nbsp;Guy <strong>DUROCHAT<\/strong>, Electricien<\/p>\n\n\n\n<p><strong><span style=\"text-decoration:underline;\">2e adjoint<\/span><\/strong>&nbsp;:&nbsp;Sophie <strong>LAJARA<\/strong>, Agent territorial<\/p>\n\n\n\n<h2 class=\"wp-block-heading\">Conseillers municipaux<\/h2>\n\n\n\n<p>Johan <strong>BOURDIN<\/strong>, Charg\u00e9 d&rsquo;affaires EDF<\/p>\n\n\n\n<p>Evelyne <strong>CARRIER<\/strong>, Professeur des \u00e9coles, retrait\u00e9e<\/p>\n\n\n\n<p>Claude <strong>JACQUEMET<\/strong>, Exploitant agricole<\/p>\n\n\n\n<p>Christian <strong>NURY<\/strong>, Retrait\u00e9<\/p>\n\n\n\n<p>Anthony <strong>RAVAZ<\/strong>, Menuisier, charpentier<\/p>\n\n\n\n<p>Marie-Claude <strong>RAVAZ<\/strong>, Cadre territorial, retrait\u00e9e<\/p>\n\n\n\n<p>Sylvain <strong>VOITURIER<\/strong>, Magasinier TP<\/p>\n\n\n\n<p>Lucille <strong>WATTELLE<\/strong>, Aide \u00e0 domicile<\/p>\n","protected":false},"excerpt":{"rendered":"<p>Comptes-rendus des conseils municipaux : voir les lettres d&rsquo;informations de la commune. \u00c9lections municipales de mars 2020 Le Maire&nbsp;: &nbsp;Christophe GUILLET, Chef d\u2019entreprise, retrait\u00e9 1er adjoint :&nbsp;Guy DUROCHAT, Electricien 2e adjoint&nbsp;:&nbsp;Sophie LAJARA, Agent territorial Conseillers municipaux Johan BOURDIN, Charg\u00e9 d&rsquo;affaires EDF Evelyne CARRIER, Professeur des \u00e9coles, retrait\u00e9e Claude JACQUEMET, Exploitant agricole Christian NURY, Retrait\u00e9 Anthony<a class=\"more-link\" href=\"https:\/\/evosges.fr\/index.php\/le-conseil-municipal-2\/\">Lire la suite de <span class=\"screen-reader-text\">\u00ab\u00a0Conseil municipal\u00a0\u00bb<\/span><\/a><\/p>\n","protected":false},"author":3,"featured_media":0,"parent":0,"menu_order":0,"comment_status":"closed","ping_status":"closed","template":"","meta":{"footnotes":""},"tags":[],"class_list":["post-152","page","type-page","status-publish","hentry"],"jetpack_sharing_enabled":true,"_links":{"self":[{"href":"https:\/\/evosges.fr\/index.php\/wp-json\/wp\/v2\/pages\/152","targetHints":{"allow":["GET"]}}],"collection":[{"href":"https:\/\/evosges.fr\/index.php\/wp-json\/wp\/v2\/pages"}],"about":[{"href":"https:\/\/evosges.fr\/index.php\/wp-json\/wp\/v2\/types\/page"}],"author":[{"embeddable":true,"href":"https:\/\/evosges.fr\/index.php\/wp-json\/wp\/v2\/users\/3"}],"replies":[{"embeddable":true,"href":"https:\/\/evosges.fr\/index.php\/wp-json\/wp\/v2\/comments?post=152"}],"version-history":[{"count":19,"href":"https:\/\/evosges.fr\/index.php\/wp-json\/wp\/v2\/pages\/152\/revisions"}],"predecessor-version":[{"id":3200,"href":"https:\/\/evosges.fr\/index.php\/wp-json\/wp\/v2\/pages\/152\/revisions\/3200"}],"wp:attachment":[{"href":"https:\/\/evosges.fr\/index.php\/wp-json\/wp\/v2\/media?parent=152"}],"wp:term":[{"taxonomy":"post_tag","embeddable":true,"href":"https:\/\/evosges.fr\/index.php\/wp-json\/wp\/v2\/tags?post=152"}],"curies":[{"name":"wp","href":"https:\/\/api.w.org\/{rel}","templated":true}]}}