{"id":2112,"date":"2024-11-30T21:02:01","date_gmt":"2024-11-30T20:02:01","guid":{"rendered":"https:\/\/evosges.fr\/?page_id=2112"},"modified":"2025-04-18T21:38:48","modified_gmt":"2025-04-18T19:38:48","slug":"village-et-traditions","status":"publish","type":"page","link":"https:\/\/evosges.fr\/index.php\/village-et-traditions\/","title":{"rendered":"Village et traditions"},"content":{"rendered":"\n<h3 class=\"wp-block-heading\"><strong>Le four banal<\/strong><\/h3>\n\n\n\n<div class=\"wp-block-jetpack-tiled-gallery aligncenter is-style-rectangular\"><div class=\"tiled-gallery__gallery\"><div class=\"tiled-gallery__row\"><div class=\"tiled-gallery__col\" style=\"flex-basis:58.1544782455107%\"><figure class=\"tiled-gallery__item\"><img decoding=\"async\" srcset=\"https:\/\/i1.wp.com\/evosges.fr\/wp-content\/uploads\/2019\/10\/20160927_151458-copie.jpg?strip=info&#038;w=600&#038;ssl=1 600w,https:\/\/i1.wp.com\/evosges.fr\/wp-content\/uploads\/2019\/10\/20160927_151458-copie.jpg?strip=info&#038;w=900&#038;ssl=1 900w,https:\/\/i1.wp.com\/evosges.fr\/wp-content\/uploads\/2019\/10\/20160927_151458-copie.jpg?strip=info&#038;w=929&#038;ssl=1 929w\" alt=\"\" data-height=\"910\" data-id=\"516\" data-link=\"https:\/\/evosges.fr\/index.php\/les-demarches-administratives\/20160927_151458-copie\/\" data-url=\"https:\/\/evosges.fr\/wp-content\/uploads\/2019\/10\/20160927_151458-copie.jpg\" data-width=\"929\" src=\"https:\/\/i1.wp.com\/evosges.fr\/wp-content\/uploads\/2019\/10\/20160927_151458-copie.jpg?ssl=1\" layout=\"responsive\"\/><\/figure><\/div><div class=\"tiled-gallery__col\" style=\"flex-basis:41.8455217544893%\"><figure class=\"tiled-gallery__item\"><img decoding=\"async\" srcset=\"https:\/\/i1.wp.com\/evosges.fr\/wp-content\/uploads\/2024\/12\/four-banal2.jpg?strip=info&#038;w=472&#038;ssl=1 472w\" alt=\"\" data-height=\"643\" data-id=\"2175\" data-link=\"https:\/\/evosges.fr\/index.php\/village-et-traditions\/four-banal2\/\" data-url=\"https:\/\/evosges.fr\/wp-content\/uploads\/2024\/12\/four-banal2.jpg\" data-width=\"472\" src=\"https:\/\/i1.wp.com\/evosges.fr\/wp-content\/uploads\/2024\/12\/four-banal2.jpg?ssl=1\" layout=\"responsive\"\/><\/figure><\/div><\/div><\/div><\/div>\n\n\n\n<p class=\"has-text-align-center has-small-font-size\"><em>Le four communal<\/em><\/p>\n\n\n\n<p>Avant la R\u00e9volution, les fours et les moulins dits \u00ab\u00a0banaux\u00a0\u00bb appartenaient au seigneur. Il en assurait l&rsquo;entretien ; en contrepartie de quoi, les paysans ne pouvaient utiliser que ces installations. Ils \u00e9taient soumis aux \u00ab\u00a0banalit\u00e9s\u00a0\u00bb, droits qu&rsquo;ils devaient payer pour se servir de ces \u00e9quipements, en argent ou en nature (farine, pain). Ces privil\u00e8ges furent abolis en 1790, apr\u00e8s quoi les gens ont eu le droit de construire un four pour leur propre usage.<\/p>\n\n\n\n<p>A \u00c9vosges, avant la R\u00e9volution, il existait deux fours : l&rsquo;un au quartier d&rsquo;en bas (entr\u00e9e c\u00f4t\u00e9 Oncieu et rue menant \u00e0 l&rsquo;\u00e9glise), le four \u00ab\u00a0<strong>davard<\/strong>\u00ab\u00a0, l&rsquo;autre au quartier d&rsquo;en haut (de la place jusqu&rsquo;\u00e0 l&rsquo;auberge), le four \u00ab\u00a0<strong>damond<\/strong>\u00ab\u00a0. Ce four \u00ab\u00a0damond\u00a0\u00bb \u00e9tait construit pr\u00e8s de l&#8217;emplacement actuel du bac rond.<\/p>\n\n\n\n<p>Apr\u00e8s la R\u00e9volution, des particuliers ont construit deux fours : un vers 1806 au quartier d&rsquo;en bas, pr\u00e8s du bac, <strong>le four \u00ab\u00a0davar<\/strong>\u00ab\u00a0, et un en 1814 au quartier d&rsquo;en haut,<strong> le four \u00ab\u00a0damu<\/strong>\u00ab\u00a0. En 1814, lors de l&rsquo;\u00e9tablissement des premiers plans parcellaires, ces deux fours sont recens\u00e9s comme \u00e9tant des fours appartenant \u00e0 la commune. Le four davar a \u00e9t\u00e9 d\u00e9moli accidentellement par un camion en 1948. Le four damu est devenu LE FOUR COMMUNAL en 1961.<\/p>\n\n\n\n<h3 class=\"wp-block-heading\"><strong>Le travail<\/strong><\/h3>\n\n\n<div class=\"wp-block-image\">\n<figure class=\"aligncenter size-full is-resized\"><img loading=\"lazy\" decoding=\"async\" width=\"861\" height=\"927\" src=\"https:\/\/evosges.fr\/wp-content\/uploads\/2019\/10\/20160927_151629.jpg\" alt=\"\" class=\"wp-image-517\" style=\"width:431px;height:464px\" srcset=\"https:\/\/evosges.fr\/wp-content\/uploads\/2019\/10\/20160927_151629.jpg 861w, https:\/\/evosges.fr\/wp-content\/uploads\/2019\/10\/20160927_151629-600x646.jpg 600w, https:\/\/evosges.fr\/wp-content\/uploads\/2019\/10\/20160927_151629-279x300.jpg 279w, https:\/\/evosges.fr\/wp-content\/uploads\/2019\/10\/20160927_151629-768x827.jpg 768w\" sizes=\"auto, (max-width: 861px) 100vw, 861px\" \/><\/figure>\n<\/div>\n\n\n<p class=\"has-text-align-center has-small-font-size\"><em>Travail<\/em> <em>\u00e0 ferrer<\/em> <em>du quartier d&rsquo;en bas<\/em><\/p>\n\n\n\n<p>Le TRAVAIL est un dispositif qui permet de maintenir immobiles de gros animaux comme les b\u0153ufs ou les vaches pour qu&rsquo;on puisse les ferrer en toute s\u00e9curit\u00e9.<br>Pour ferrer (mettre un fer au pied) un animal, il faut immobiliser la b\u00eate. Le joug sert \u00e0 fixer la t\u00eate, les sangles ventrales permettent de la soulever, les cha\u00eenes d&rsquo;entraver les pieds, la corde de replier la patte \u00e0 travailler.<br>Le sabot \u00e0 ferrer doit \u00eatre d&rsquo;abord pr\u00e9par\u00e9, la corne taill\u00e9e et lim\u00e9e avec \u00ab\u00a0la plane\u00a0\u00bb. Toutes les b\u00eates n&rsquo;ont pas la m\u00eame \u00ab\u00a0pointure\u00a0\u00bb. Il y a donc plusieurs num\u00e9ros de fers, jusqu&rsquo;\u00e0 6. De plus, les fers \u00e0 poser sur les pattes arri\u00e8re sont plus \u00e9troits. Le fer lui-m\u00eame doit \u00eatre ajust\u00e9 de fa\u00e7on \u00e0 ce que l&rsquo;animal soit bien en \u00e9quilibre. Une forge permettait de le chauffer au rouge et de le travailler pour lui donner la forme voulue. Ensuite, en prenant les pr\u00e9cautions n\u00e9cessaires, le fer \u00e9tait fix\u00e9 sur le sabot avec des clous sp\u00e9ciaux.<\/p>\n\n\n\n<p>Le travail de ferrage \u00e9tait p\u00e9nible \u00e0 cause de la position \u00e0 adopter ; de plus, l&rsquo;animal avait peur et un coup de pied ou un coup de corne \u00e9taient toujours possibles. Il fallait \u00eatre pr\u00e9cis et adroit afin que la b\u00eate ferr\u00e9e puisse marcher sans probl\u00e8me. Parfois, les b\u00eates perdaient leurs fers ou ils s&rsquo;usaient, il fallait alors recommencer.<\/p>\n\n\n\n<p>A \u00c9vosges, c&rsquo;est Lili TENAND qui a exerc\u00e9 ce m\u00e9tier \u00e0 partir de 1949. L&rsquo;arriv\u00e9e des tracteurs vers 1960 a marqu\u00e9 la disparition des b\u0153ufs.<\/p>\n\n\n\n<h3 class=\"wp-block-heading\">Bacs et lavoirs<\/h3>\n\n\n\n<p>Vers 1880, seules deux sources alimentaient en eau le village : la source de Buynand, pr\u00e8s de l&rsquo;actuel \u00e9tang, et la source du bac du Fornet au quartier de la Couche. On allait y chercher de l&rsquo;eau dans une seille que l&rsquo;on portait pos\u00e9e sur la t\u00eate. En 1905, un bac (ou fontaine) est construit au milieu du village : le bac rond.<\/p>\n\n\n\n<h4 class=\"wp-block-heading has-text-align-center\"><strong>Le Bac de Buynand<\/strong><\/h4>\n\n\n\n<p>Le bac de Buynand, tr\u00e8s ancien, est situ\u00e9 au sud ouest du village, en contrebas de l&rsquo;\u00e9glise pr\u00e8s de l&rsquo;actuel \u00e9tang. La source qui l&rsquo;alimente, la Doye, est am\u00e9nag\u00e9e vers 1675. Les gens du quart davar (le quartier d&rsquo;en bas) allaient y chercher leur eau, les b\u00eates venaient y boire. Une partie de la fontaine servait de lavoir.<\/p>\n\n\n\n<h4 class=\"wp-block-heading has-text-align-center\"><strong>Le Bac de la Couche<\/strong><\/h4>\n\n\n\n<p>En 1564, il existait d\u00e9j\u00e0 un bac \u00e0 l&rsquo;endroit o\u00f9 se situe aujourd&rsquo;hui le bac de la Couche. Nomm\u00e9 aussi \u00ab\u00a0abreuvoir du Fournet\u00a0\u00bb ou \u00ab\u00a0Bac du Fornet\u00a0\u00bb ou \u00ab\u00a0Bac du Golet Fornet\u00a0\u00bb, il \u00e9tait utilis\u00e9 par les gens du quart damont (le quartier d&rsquo;en haut) et de la Couche. <\/p>\n\n\n\n<p>La colonne centrale de la fontaine actuelle porte une inscription et la date de 1837. <\/p>\n\n\n\n<div class=\"wp-block-jetpack-tiled-gallery aligncenter is-style-rectangular\"><div class=\"tiled-gallery__gallery\"><div class=\"tiled-gallery__row\"><div class=\"tiled-gallery__col\" style=\"flex-basis:53.83639328605903%\"><figure class=\"tiled-gallery__item\"><img decoding=\"async\" srcset=\"https:\/\/i1.wp.com\/evosges.fr\/wp-content\/uploads\/2024\/12\/lavoir2.jpg?strip=info&#038;w=600&#038;ssl=1 600w,https:\/\/i1.wp.com\/evosges.fr\/wp-content\/uploads\/2024\/12\/lavoir2.jpg?strip=info&#038;w=820&#038;ssl=1 820w\" alt=\"\" data-height=\"520\" data-id=\"2178\" data-link=\"https:\/\/evosges.fr\/index.php\/village-et-traditions\/lavoir2\/\" data-url=\"https:\/\/evosges.fr\/wp-content\/uploads\/2024\/12\/lavoir2.jpg\" data-width=\"820\" src=\"https:\/\/i1.wp.com\/evosges.fr\/wp-content\/uploads\/2024\/12\/lavoir2.jpg?ssl=1\" layout=\"responsive\"\/><\/figure><\/div><div class=\"tiled-gallery__col\" style=\"flex-basis:46.16360671394097%\"><figure class=\"tiled-gallery__item\"><img decoding=\"async\" srcset=\"https:\/\/i0.wp.com\/evosges.fr\/wp-content\/uploads\/2024\/12\/lavoir4.jpg?strip=info&#038;w=600&#038;ssl=1 600w,https:\/\/i0.wp.com\/evosges.fr\/wp-content\/uploads\/2024\/12\/lavoir4.jpg?strip=info&#038;w=858&#038;ssl=1 858w\" alt=\"\" data-height=\"635\" data-id=\"2179\" data-link=\"https:\/\/evosges.fr\/index.php\/village-et-traditions\/lavoir4\/\" data-url=\"https:\/\/evosges.fr\/wp-content\/uploads\/2024\/12\/lavoir4.jpg\" data-width=\"858\" src=\"https:\/\/i0.wp.com\/evosges.fr\/wp-content\/uploads\/2024\/12\/lavoir4.jpg?ssl=1\" layout=\"responsive\"\/><\/figure><\/div><\/div><\/div><\/div>\n\n\n\n<p class=\"has-text-align-center has-small-font-size\"><em>Bac de la Couche, restaur\u00e9 en 2024.<\/em><\/p>\n\n\n\n<h4 class=\"wp-block-heading has-text-align-center\"><strong>La fontaine du Bac Rond<\/strong><\/h4>\n\n\n\n<p>En 1905, des travaux d\u2019adduction d\u2019eau sont entrepris \u00e0 \u00c9vosges. Un abreuvoir, le \u00ab\u00a0BAC ROND\u00a0\u00bb est install\u00e9 \u00e0 l&#8217;emplacement d&rsquo;une croix qui a \u00e9t\u00e9 d\u00e9plac\u00e9e \u00e0 l&rsquo;entr\u00e9e du village en venant d&rsquo;Oncieu. L\u2019arriv\u00e9e de l\u2019eau au Bac Rond a \u00e9t\u00e9 appr\u00e9ci\u00e9e de tous. Les animaux pouvaient y boire quand ils passaient. L\u2019eau venait du r\u00e9servoir du Berboi.<\/p>\n\n\n\n<figure class=\"wp-block-gallery has-nested-images columns-2 is-cropped wp-block-gallery-1 is-layout-flex wp-block-gallery-is-layout-flex\">\n<figure class=\"wp-block-image size-large\"><img loading=\"lazy\" decoding=\"async\" width=\"687\" height=\"753\" data-id=\"518\" src=\"https:\/\/evosges.fr\/wp-content\/uploads\/2019\/10\/20160927_151934.jpg\" alt=\"\" class=\"wp-image-518\" srcset=\"https:\/\/evosges.fr\/wp-content\/uploads\/2019\/10\/20160927_151934.jpg 687w, https:\/\/evosges.fr\/wp-content\/uploads\/2019\/10\/20160927_151934-600x658.jpg 600w, https:\/\/evosges.fr\/wp-content\/uploads\/2019\/10\/20160927_151934-274x300.jpg 274w\" sizes=\"auto, (max-width: 687px) 100vw, 687px\" \/><figcaption class=\"wp-element-caption\">Bac Rond, d\u00e9but XXIe<\/figcaption><\/figure>\n\n\n\n<figure class=\"wp-block-image size-large\"><img loading=\"lazy\" decoding=\"async\" width=\"1024\" height=\"688\" data-id=\"3002\" src=\"https:\/\/evosges.fr\/wp-content\/uploads\/2025\/03\/bac-rond-1024x688.jpg\" alt=\"\" class=\"wp-image-3002\" srcset=\"https:\/\/evosges.fr\/wp-content\/uploads\/2025\/03\/bac-rond-1024x688.jpg 1024w, https:\/\/evosges.fr\/wp-content\/uploads\/2025\/03\/bac-rond-300x202.jpg 300w, https:\/\/evosges.fr\/wp-content\/uploads\/2025\/03\/bac-rond-768x516.jpg 768w, https:\/\/evosges.fr\/wp-content\/uploads\/2025\/03\/bac-rond-600x403.jpg 600w, https:\/\/evosges.fr\/wp-content\/uploads\/2025\/03\/bac-rond.jpg 1074w\" sizes=\"auto, (max-width: 1024px) 100vw, 1024px\" \/><figcaption class=\"wp-element-caption\">Bac Rond, fin XXe<\/figcaption><\/figure>\n\n\n\n<figure class=\"wp-block-image size-large\"><img loading=\"lazy\" decoding=\"async\" width=\"1024\" height=\"667\" data-id=\"3003\" src=\"https:\/\/evosges.fr\/wp-content\/uploads\/2025\/03\/bac-rond2-1024x667.jpg\" alt=\"\" class=\"wp-image-3003\" srcset=\"https:\/\/evosges.fr\/wp-content\/uploads\/2025\/03\/bac-rond2-1024x667.jpg 1024w, https:\/\/evosges.fr\/wp-content\/uploads\/2025\/03\/bac-rond2-300x195.jpg 300w, https:\/\/evosges.fr\/wp-content\/uploads\/2025\/03\/bac-rond2-768x500.jpg 768w, https:\/\/evosges.fr\/wp-content\/uploads\/2025\/03\/bac-rond2-600x391.jpg 600w, https:\/\/evosges.fr\/wp-content\/uploads\/2025\/03\/bac-rond2.jpg 1146w\" sizes=\"auto, (max-width: 1024px) 100vw, 1024px\" \/><figcaption class=\"wp-element-caption\">Bac Rond, d\u00e9but XXe<\/figcaption><\/figure>\n<\/figure>\n\n\n\n<h3 class=\"wp-block-heading\">La mairie-\u00e9cole<\/h3>\n\n\n\n<p>Un instituteur est nomm\u00e9 \u00e0 \u00c9vosges en 1845. Il fait la classe dans un local lou\u00e9 par la commune car il n&rsquo;y a pas encore de b\u00e2timent d&rsquo;\u00e9cole. Celui-ci sera construit en 1880. Il dispose de deux classes (l&rsquo;une pour les gar\u00e7ons, l&rsquo;autre pour les filles) et d&rsquo;une salle de Mairie. En 1881, l&rsquo;\u00e9cole compte 63 \u00e9l\u00e8ves. <\/p>\n\n\n\n<p>Un petit campanile est \u00e9rig\u00e9 en 1929 sur le toit du b\u00e2timent, destin\u00e9 \u00e0 accueillir l&rsquo;horloge publique.<\/p>\n\n\n\n<div class=\"wp-block-jetpack-tiled-gallery aligncenter is-style-rectangular\"><div class=\"tiled-gallery__gallery\"><div class=\"tiled-gallery__row\"><div class=\"tiled-gallery__col\" style=\"flex-basis:67.04970826572799%\"><figure class=\"tiled-gallery__item\"><img decoding=\"async\" srcset=\"https:\/\/i2.wp.com\/evosges.fr\/wp-content\/uploads\/2025\/03\/mairie-ecole-2.jpg?strip=info&#038;w=600&#038;ssl=1 600w,https:\/\/i2.wp.com\/evosges.fr\/wp-content\/uploads\/2025\/03\/mairie-ecole-2.jpg?strip=info&#038;w=900&#038;ssl=1 900w,https:\/\/i2.wp.com\/evosges.fr\/wp-content\/uploads\/2025\/03\/mairie-ecole-2.jpg?strip=info&#038;w=988&#038;ssl=1 988w\" alt=\"\" data-height=\"646\" data-id=\"2981\" data-link=\"https:\/\/evosges.fr\/index.php\/village-et-traditions\/mairie-ecole-2\/\" data-url=\"https:\/\/evosges.fr\/wp-content\/uploads\/2025\/03\/mairie-ecole-2.jpg\" data-width=\"988\" src=\"https:\/\/i2.wp.com\/evosges.fr\/wp-content\/uploads\/2025\/03\/mairie-ecole-2.jpg?ssl=1\" layout=\"responsive\"\/><\/figure><\/div><div class=\"tiled-gallery__col\" style=\"flex-basis:32.950291734272014%\"><figure class=\"tiled-gallery__item\"><img decoding=\"async\" srcset=\"https:\/\/i1.wp.com\/evosges.fr\/wp-content\/uploads\/2025\/03\/mairie.jpg?strip=info&#038;w=600&#038;ssl=1 600w,https:\/\/i1.wp.com\/evosges.fr\/wp-content\/uploads\/2025\/03\/mairie.jpg?strip=info&#038;w=900&#038;ssl=1 900w,https:\/\/i1.wp.com\/evosges.fr\/wp-content\/uploads\/2025\/03\/mairie.jpg?strip=info&#038;w=1200&#038;ssl=1 1200w\" alt=\"\" data-height=\"1600\" data-id=\"2980\" data-link=\"https:\/\/evosges.fr\/index.php\/village-et-traditions\/mairie\/\" data-url=\"https:\/\/evosges.fr\/wp-content\/uploads\/2025\/03\/mairie.jpg\" data-width=\"1200\" src=\"https:\/\/i1.wp.com\/evosges.fr\/wp-content\/uploads\/2025\/03\/mairie.jpg?ssl=1\" layout=\"responsive\"\/><\/figure><\/div><\/div><\/div><\/div>\n\n\n\n<p class=\"has-text-align-center has-small-font-size\"><em>La mairie-\u00e9cole et le campanile<\/em><\/p>\n\n\n\n<div style=\"height:49px\" aria-hidden=\"true\" class=\"wp-block-spacer\"><\/div>\n\n\n\n<p><strong><em>\u00c0 CONSULTER :<\/em><\/strong><\/p>\n\n\n\n<blockquote class=\"wp-block-quote is-layout-flow wp-block-quote-is-layout-flow\">\n<p>> <a href=\"https:\/\/www.dreffia.com\/patrimoine-culturel\/patrimoine-civil\/fours-et-travails\/\" target=\"_blank\" rel=\"noreferrer noopener\">Les fours \u00e0 pain<\/a>, association \u00ab\u00a0le dreffia\u00a0\u00bb<br>> <a href=\"https:\/\/www.dreffia.com\/patrimoine-culturel\/patrimoine-civil\/lavoirs\/\" target=\"_blank\" rel=\"noreferrer noopener\">Bacs, fontaines et lavoirs<\/a>, association \u00ab\u00a0le dreffia\u00a0\u00bb<br>> <a href=\"https:\/\/www.dreffia.com\/patrimoine-culturel\/patrimoine-civil\/les-mairies-%C3%A9coles\/\" target=\"_blank\" rel=\"noreferrer noopener\">Les mairies-\u00e9coles<\/a>, association \u00ab\u00a0le dreffia\u00a0\u00bb<\/p>\n<\/blockquote>\n\n\n\n<p><\/p>\n","protected":false},"excerpt":{"rendered":"<p>Le four banal Le four communal Avant la R\u00e9volution, les fours et les moulins dits \u00ab\u00a0banaux\u00a0\u00bb appartenaient au seigneur. Il en assurait l&rsquo;entretien ; en contrepartie de quoi, les paysans ne pouvaient utiliser que ces installations. Ils \u00e9taient soumis aux \u00ab\u00a0banalit\u00e9s\u00a0\u00bb, droits qu&rsquo;ils devaient payer pour se servir de ces \u00e9quipements, en argent ou en<a class=\"more-link\" href=\"https:\/\/evosges.fr\/index.php\/village-et-traditions\/\">Lire la suite de <span class=\"screen-reader-text\">\u00ab\u00a0Village et traditions\u00a0\u00bb<\/span><\/a><\/p>\n","protected":false},"author":5,"featured_media":0,"parent":0,"menu_order":0,"comment_status":"closed","ping_status":"closed","template":"","meta":{"footnotes":""},"tags":[],"class_list":["post-2112","page","type-page","status-publish","hentry"],"jetpack_sharing_enabled":true,"_links":{"self":[{"href":"https:\/\/evosges.fr\/index.php\/wp-json\/wp\/v2\/pages\/2112","targetHints":{"allow":["GET"]}}],"collection":[{"href":"https:\/\/evosges.fr\/index.php\/wp-json\/wp\/v2\/pages"}],"about":[{"href":"https:\/\/evosges.fr\/index.php\/wp-json\/wp\/v2\/types\/page"}],"author":[{"embeddable":true,"href":"https:\/\/evosges.fr\/index.php\/wp-json\/wp\/v2\/users\/5"}],"replies":[{"embeddable":true,"href":"https:\/\/evosges.fr\/index.php\/wp-json\/wp\/v2\/comments?post=2112"}],"version-history":[{"count":48,"href":"https:\/\/evosges.fr\/index.php\/wp-json\/wp\/v2\/pages\/2112\/revisions"}],"predecessor-version":[{"id":3213,"href":"https:\/\/evosges.fr\/index.php\/wp-json\/wp\/v2\/pages\/2112\/revisions\/3213"}],"wp:attachment":[{"href":"https:\/\/evosges.fr\/index.php\/wp-json\/wp\/v2\/media?parent=2112"}],"wp:term":[{"taxonomy":"post_tag","embeddable":true,"href":"https:\/\/evosges.fr\/index.php\/wp-json\/wp\/v2\/tags?post=2112"}],"curies":[{"name":"wp","href":"https:\/\/api.w.org\/{rel}","templated":true}]}}