{"id":328,"date":"2019-05-22T13:39:25","date_gmt":"2019-05-22T12:39:25","guid":{"rendered":"https:\/\/evosges.wordpress.com\/?page_id=328"},"modified":"2025-01-07T13:56:03","modified_gmt":"2025-01-07T12:56:03","slug":"associations","status":"publish","type":"page","link":"https:\/\/evosges.fr\/index.php\/associations\/","title":{"rendered":"Associations \u00c9vosgiennes"},"content":{"rendered":"\n<h3 class=\"wp-block-heading\">COMITE D&rsquo;ANIMATION D&rsquo;\u00c9VOSGES<\/h3>\n\n\n\n<div class=\"wp-block-image\"><figure class=\"aligncenter size-full\"><img loading=\"lazy\" decoding=\"async\" width=\"917\" height=\"401\" src=\"https:\/\/evosges.fr\/wp-content\/uploads\/2024\/12\/20240818-comite-animation2.jpg\" alt=\"\" class=\"wp-image-2252\" srcset=\"https:\/\/evosges.fr\/wp-content\/uploads\/2024\/12\/20240818-comite-animation2.jpg 917w, https:\/\/evosges.fr\/wp-content\/uploads\/2024\/12\/20240818-comite-animation2-300x131.jpg 300w, https:\/\/evosges.fr\/wp-content\/uploads\/2024\/12\/20240818-comite-animation2-768x336.jpg 768w, https:\/\/evosges.fr\/wp-content\/uploads\/2024\/12\/20240818-comite-animation2-600x262.jpg 600w\" sizes=\"auto, (max-width: 917px) 100vw, 917px\" \/><figcaption><em>Ao\u00fbt 2024<\/em><\/figcaption><\/figure><\/div>\n\n\n\n<figure class=\"wp-block-table\"><table><tbody><tr><td>Nom de l\u2019Association&nbsp;<\/td><td><strong>COMITE D\u2019ANIMATION D&rsquo;\u00c9VOSGES<\/strong><\/td><\/tr><tr><td>Activit\u00e9<\/td><td>Proposer des animations ponctuelles dans le village tout au long de l\u2019ann\u00e9e<\/td><\/tr><tr><td>Adresse postale<\/td><td>Mairie &#8211;&nbsp;Rue des 6 et 7 f\u00e9vrier 1944 &#8211;&nbsp; \u00c9VOSGES<\/td><\/tr><tr><td>Pr\u00e9sident <\/td><td>JACQUEMET Baptiste<\/td><\/tr><tr><td>Tr\u00e9sorier<\/td><td>SPALLETTI Ugo<\/td><\/tr><tr><td>Secr\u00e9taire<\/td><td>THIEBAUT Isaure<\/td><\/tr><tr><td>Contact<\/td><td>cdaevosges@gmail.com<\/td><\/tr><tr><td>Actions &nbsp; &nbsp; Temps forts<\/td><td>Fleurissement du village &#8211; Randonn\u00e9e tous les mardis matins &#8211; Repas dansant en f\u00e9vrier ou mars &#8211; Pique-nique \u00e0 l\u2019\u00e9tang en juillet &#8211; F\u00eate patronale du 15 ao\u00fbt &#8211; F\u00eate du 8 d\u00e9cembre&#8230;<\/td><\/tr><\/tbody><\/table><\/figure>\n\n\n\n<h3 class=\"wp-block-heading\">SOU DES ECOLES ARANC ET \u00c9VOSGES <\/h3>\n\n\n\n<figure class=\"wp-block-table\"><table><tbody><tr><td>Nom de l\u2019Association&nbsp;<\/td><td><strong>SOU DES ECOLES ARANC ET \u00c9VOSGES<\/strong><\/td><\/tr><tr><td>Activit\u00e9<\/td><td>Financement de mat\u00e9riel, de sorties et d\u2019activit\u00e9s p\u00e9dagogiques pour les \u00e9coles primaires d\u2019Aranc et \u00c9vosges.<\/td><\/tr><tr><td>Adresse postale<\/td><td>Mairie &#8211; 50 Place de la Mairie &#8211; 01110 ARANC<\/td><\/tr><tr><td>Contact<\/td><td>soudesecoles.arancevosges@gmail.com<\/td><\/tr><tr><td>Temps forts<\/td><td>Vente de plats, tartes sal\u00e9es &#8211; March\u00e9 aux fleurs &#8211; Spectacle des \u00e9coles&#8230;<\/td><\/tr><\/tbody><\/table><\/figure>\n\n\n\n<h3 class=\"wp-block-heading\">SOCIETE DE P\u00caCHE DE BUYNAND<\/h3>\n\n\n\n<figure class=\"wp-block-image size-large\"><img decoding=\"async\" src=\"https:\/\/evosges.fr\/wp-content\/uploads\/2019\/12\/20170525_112307.jpg?w=900\" alt=\"\" class=\"wp-image-840\"\/><\/figure>\n\n\n\n<figure class=\"wp-block-table\"><table><tbody><tr><td>Nom de l\u2019Association&nbsp;<\/td><td><strong>SOCIETE DE P\u00caCHE DE BUYNAND<\/strong><\/td><\/tr><tr><td>Activit\u00e9<\/td><td>Gestion de la pratique de la p\u00eache \u00e0 l\u2019\u00e9tang d\u2019\u00c9vosges<\/td><\/tr><tr><td>Horaires<\/td><td>Lever au coucher du soleil<\/td><\/tr><tr><td>P\u00e9riodes d\u2019activit\u00e9s<\/td><td>29 mars au 11 novembre<\/td><\/tr><tr><td>Pr\u00e9sident<\/td><td>RAVAZ Anthony<\/td><\/tr><tr><td>Tarifs<\/td><td><a href=\"https:\/\/evosges.fr\/index.php\/boutique\/\" target=\"_blank\" rel=\"noreferrer noopener\">Consultez les cartes de p\u00eache<\/a><\/td><\/tr><tr><td>Temps forts<\/td><td>Concours de p\u00eache 1 enfant\/1 adulte<\/td><\/tr><\/tbody><\/table><\/figure>\n\n\n\n<h3 class=\"wp-block-heading\">AMICALE DES BOULES <\/h3>\n\n\n\n<figure class=\"wp-block-table\"><table><tbody><tr><td>Nom de l\u2019Association&nbsp;<\/td><td><strong>AMICALE BOULES \u00c9VOSGIENNE<\/strong><\/td><\/tr><tr><td>Activit\u00e9<\/td><td>Jeux de boules<\/td><\/tr><tr><td>Adresse postale<\/td><td>Sous la ville 01230 \u00c9VOSGES<\/td><\/tr><tr><td>Horaires<\/td><td>Ouverture du local les dimanches \u00e0 partir de 12h.<\/td><\/tr><tr><td>Contact<\/td><td>DUROCHAT Marinette<\/td><\/tr><tr><td>Temps forts<\/td><td>Concours de p\u00e9tanque chaque ann\u00e9e pour le 14 juillet<\/td><\/tr><\/tbody><\/table><\/figure>\n\n\n\n<h3 class=\"wp-block-heading\">SOCIETE DE CHASSE<\/h3>\n\n\n\n<figure class=\"wp-block-table\"><table><tbody><tr><td>Nom de l\u2019Association&nbsp;<\/td><td><strong>SOCIETE DE CHASSE<\/strong><\/td><\/tr><tr><td>Activit\u00e9<\/td><td>R\u00e9gulation des esp\u00e8ces nuisibles et gibiers<\/td><\/tr><tr><td>Adresse postale<\/td><td>63 rue du Golet Fournet 01230 \u00c9VOSGES<\/td><\/tr><tr><td>Horaires<\/td><td>8h \u00e0 17h (horaires d\u2019hiver) 8h \u00e0 19h (horaires d\u2019\u00e9t\u00e9)<\/td><\/tr><tr><td>P\u00e9riodes d\u2019activit\u00e9s<\/td><td>P\u00e9riode l\u00e9gale de chasse<\/td><\/tr><tr><td>Contact<\/td><td>soetraph@gmail.com<\/td><\/tr><tr><td>Temps forts<\/td><td>Tir aux pigeons le dernier week-end du mois d\u2019ao\u00fbt<\/td><\/tr><\/tbody><\/table><\/figure>\n\n\n\n<figure class=\"wp-block-image size-large is-resized\"><img loading=\"lazy\" decoding=\"async\" src=\"https:\/\/evosges.fr\/wp-content\/uploads\/2020\/02\/img_0234.jpg?w=640\" alt=\"\" class=\"wp-image-922\" width=\"561\" height=\"421\" srcset=\"https:\/\/evosges.fr\/wp-content\/uploads\/2020\/02\/img_0234.jpg 640w, https:\/\/evosges.fr\/wp-content\/uploads\/2020\/02\/img_0234-600x450.jpg 600w, https:\/\/evosges.fr\/wp-content\/uploads\/2020\/02\/img_0234-300x225.jpg 300w\" sizes=\"auto, (max-width: 561px) 100vw, 561px\" \/><\/figure>\n","protected":false},"excerpt":{"rendered":"<p>COMITE D&rsquo;ANIMATION D&rsquo;\u00c9VOSGES Nom de l\u2019Association&nbsp; COMITE D\u2019ANIMATION D&rsquo;\u00c9VOSGES Activit\u00e9 Proposer des animations ponctuelles dans le village tout au long de l\u2019ann\u00e9e Adresse postale Mairie &#8211;&nbsp;Rue des 6 et 7 f\u00e9vrier 1944 &#8211;&nbsp; \u00c9VOSGES Pr\u00e9sident JACQUEMET Baptiste Tr\u00e9sorier SPALLETTI Ugo Secr\u00e9taire THIEBAUT Isaure Contact cdaevosges@gmail.com Actions &nbsp; &nbsp; Temps forts Fleurissement du village &#8211; Randonn\u00e9e<a class=\"more-link\" href=\"https:\/\/evosges.fr\/index.php\/associations\/\">Lire la suite de <span class=\"screen-reader-text\">\u00ab\u00a0Associations \u00c9vosgiennes\u00a0\u00bb<\/span><\/a><\/p>\n","protected":false},"author":2,"featured_media":0,"parent":0,"menu_order":0,"comment_status":"closed","ping_status":"closed","template":"","meta":{"footnotes":""},"tags":[],"class_list":["post-328","page","type-page","status-publish","hentry"],"jetpack_sharing_enabled":true,"_links":{"self":[{"href":"https:\/\/evosges.fr\/index.php\/wp-json\/wp\/v2\/pages\/328","targetHints":{"allow":["GET"]}}],"collection":[{"href":"https:\/\/evosges.fr\/index.php\/wp-json\/wp\/v2\/pages"}],"about":[{"href":"https:\/\/evosges.fr\/index.php\/wp-json\/wp\/v2\/types\/page"}],"author":[{"embeddable":true,"href":"https:\/\/evosges.fr\/index.php\/wp-json\/wp\/v2\/users\/2"}],"replies":[{"embeddable":true,"href":"https:\/\/evosges.fr\/index.php\/wp-json\/wp\/v2\/comments?post=328"}],"version-history":[{"count":12,"href":"https:\/\/evosges.fr\/index.php\/wp-json\/wp\/v2\/pages\/328\/revisions"}],"predecessor-version":[{"id":2542,"href":"https:\/\/evosges.fr\/index.php\/wp-json\/wp\/v2\/pages\/328\/revisions\/2542"}],"wp:attachment":[{"href":"https:\/\/evosges.fr\/index.php\/wp-json\/wp\/v2\/media?parent=328"}],"wp:term":[{"taxonomy":"post_tag","embeddable":true,"href":"https:\/\/evosges.fr\/index.php\/wp-json\/wp\/v2\/tags?post=328"}],"curies":[{"name":"wp","href":"https:\/\/api.w.org\/{rel}","templated":true}]}}